							
{"id":361,"date":"2017-06-29T20:19:13","date_gmt":"2017-06-29T18:19:13","guid":{"rendered":"http:\/\/www.santuantinu.org\/?page_id=361\/"},"modified":"2018-04-26T11:44:33","modified_gmt":"2018-04-26T09:44:33","slug":"sardia","status":"publish","type":"page","link":"https:\/\/www.santuantinu.org\/fr\/sardia\/","title":{"rendered":"S&#8217;Ardia"},"content":{"rendered":"<p>[et_pb_section fb_built=&#8221;1&#8243; fullwidth=&#8221;on&#8221; admin_label=&#8221;Sezione&#8221; _builder_version=&#8221;3.0.47&#8243;][et_pb_fullwidth_header background_layout=&#8221;dark&#8221; text_orientation=&#8221;center&#8221; header_fullscreen=&#8221;on&#8221; header_scroll_down=&#8221;on&#8221; button_one_text=&#8221;Le programme&#8221; button_one_url=&#8221;\/fr\/sardia\/le-programme\/&#8221; logo_image_url=&#8221;http:\/\/www.santuantinu.org\/wp-content\/uploads\/2017\/06\/ardia_white.png&#8221; admin_label=&#8221;Intestazione a Larghezza Piena&#8221; _builder_version=&#8221;3.0.51&#8243; content_font_size=&#8221;19px&#8221; background_color=&#8221;#6d6d6d&#8221; background_image=&#8221;http:\/\/www.santuantinu.org\/wp-content\/uploads\/2017\/06\/06072012-IMG_9447.jpg&#8221; parallax=&#8221;on&#8221; parallax_method=&#8221;on&#8221; custom_css_logo=&#8221;width: 350px&#8221;]<strong>L\u2019Ardia est une course effr\u00e9n\u00e9e \u00e0 cheval en l\u2019honneur de Saint Constantin, qui se d\u00e9roule toutes les ann\u00e9es \u00e0 Sedilo, le soir du 6 juillet et se r\u00e9p\u00e8te le matin du 7 juillet.<\/strong><br \/>\n[\/et_pb_fullwidth_header][\/et_pb_section][et_pb_section fb_built=&#8221;1&#8243; admin_label=&#8221;section&#8221; _builder_version=&#8221;3.0.47&#8243;][et_pb_row admin_label=&#8221;Riga&#8221; _builder_version=&#8221;3.0.47&#8243; background_size=&#8221;initial&#8221; background_position=&#8221;top_left&#8221; background_repeat=&#8221;repeat&#8221;][et_pb_column type=&#8221;1_3&#8243; _builder_version=&#8221;3.0.47&#8243; parallax=&#8221;off&#8221; parallax_method=&#8221;on&#8221;][et_pb_cta title=&#8221;La tradition&#8221; button_url=&#8221;\/fr\/la-tradition\/&#8221; button_text=&#8221;+&#8221; admin_label=&#8221;Call-To-Action&#8221; _builder_version=&#8221;3.0.51&#8243; background_image=&#8221;http:\/\/www.santuantinu.org\/wp-content\/uploads\/2017\/06\/ARDIA-SEDILO_BASSA_dad_MAURONSTER-23.jpg&#8221;][\/et_pb_cta][\/et_pb_column][et_pb_column type=&#8221;1_3&#8243; _builder_version=&#8221;3.0.47&#8243; parallax=&#8221;off&#8221; parallax_method=&#8221;on&#8221;][et_pb_cta title=&#8221;L&#8217;histoire&#8221; button_url=&#8221;\/fr\/lhistoire\/&#8221; button_text=&#8221;+&#8221; admin_label=&#8221;Call-To-Action&#8221; _builder_version=&#8221;3.0.51&#8243; background_image=&#8221;http:\/\/www.santuantinu.org\/wp-content\/uploads\/2017\/06\/Schermata-2017-06-21-alle-18.29.31.png&#8221;][\/et_pb_cta][\/et_pb_column][et_pb_column type=&#8221;1_3&#8243; _builder_version=&#8221;3.0.47&#8243; parallax=&#8221;off&#8221; parallax_method=&#8221;on&#8221;][et_pb_cta title=&#8221;La l\u00e9gende&#8221; button_url=&#8221;\/fr\/la-legende\/&#8221; button_text=&#8221;+&#8221; admin_label=&#8221;Call-To-Action&#8221; _builder_version=&#8221;3.0.51&#8243; background_image=&#8221;http:\/\/www.santuantinu.org\/wp-content\/uploads\/2017\/06\/8ac4e8c60b1153bc15ff6050437e1642_orig.jpg&#8221;][\/et_pb_cta][\/et_pb_column][\/et_pb_row][\/et_pb_section][et_pb_section fb_built=&#8221;1&#8243; background_color=&#8221;#efefef&#8221; inner_shadow=&#8221;on&#8221; admin_label=&#8221;Sezione&#8221; module_id=&#8221;mappapercorso&#8221; _builder_version=&#8221;3.0.51&#8243; background_color_gradient_direction=&#8221;98deg&#8221;][et_pb_row admin_label=&#8221;Riga&#8221; _builder_version=&#8221;3.0.89&#8243; background_size=&#8221;initial&#8221; background_position=&#8221;top_left&#8221; background_repeat=&#8221;repeat&#8221;][et_pb_column type=&#8221;1_4&#8243; _builder_version=&#8221;3.0.47&#8243; parallax=&#8221;off&#8221; parallax_method=&#8221;on&#8221;][et_pb_blurb title=&#8221;Plan du parcours&#8221; url=&#8221;https:\/\/umap.geonue.comt\/m\/524\/&#8221; url_new_window=&#8221;on&#8221; use_icon=&#8221;on&#8221; font_icon=&#8221;%%124%%&#8221; icon_placement=&#8221;left&#8221; admin_label=&#8221;Blur&#8221; _builder_version=&#8221;3.0.89&#8243;]<\/p>\n<div id=\"gt-src-c\" class=\"g-unit\">\n<div id=\"gt-src-p\">\n<div id=\"src-translit\" class=\"translit\" dir=\"ltr\">Souligne\u00a0le chemin\u00a0des\u00a0chevaliers,\u00a0les\u00a0zones d&#8217;acc\u00e8s restreint\u00a0au public,\u00a0les principes de s\u00e9curit\u00e9\u00a0et\u00a0les\u00a0<span class=\"\">services mis en place<\/span>\u00a0\u00e0 l&#8217;occasion\u00a0des c\u00e9l\u00e9brations\u00a0deSaint Constantin<span class=\"\">.<\/span><\/div>\n<\/div>\n<\/div>\n<p>[\/et_pb_blurb][et_pb_blurb title=&#8221;Mobile&#8221; url=&#8221;https:\/\/app.geonue.com\/geonuemaps\/index.php?bl=esri&#038;ctr_bl=true&#038;layers=sedilo:ardia&#038;info_wms=true&#038;legend=true&#038;lat=40.165972&#038;lon=8.935872&#038;zoom=18&#8243; url_new_window=&#8221;on&#8221; use_icon=&#8221;on&#8221; font_icon=&#8221;%%104%%&#8221; icon_placement=&#8221;left&#8221; admin_label=&#8221;Blur&#8221; _builder_version=&#8221;3.0.89&#8243;]Version optimis\u00e9e pour les tablettes et les t\u00e9l\u00e9phones intelligents<br \/>\n[\/et_pb_blurb][et_pb_blurb title=&#8221;Plan 3D&#8221; url=&#8221;https:\/\/app.geonue.com\/geoserver\/wms?service=WMS&#038;version=1.1.0&#038;request=GetMap&#038;layers=sedilo:ardia&#038;styles=&#038;bbox=8.93368556386959,40.1653575914545,8.93691844290078,40.1673220295101&#038;width=768&#038;height=466&#038;srs=EPSG:4326&#038;format=application\/vnd.google-earth.kml+xml&#8221; url_new_window=&#8221;on&#8221; use_icon=&#8221;on&#8221; font_icon=&#8221;%%104%%&#8221; icon_placement=&#8221;left&#8221; admin_label=&#8221;Blur&#8221; _builder_version=&#8221;3.0.89&#8243;]Version pour Google Earth KML.<br \/>\n[\/et_pb_blurb][et_pb_blurb title=&#8221;G\u00e9ographique Atlas&#8221; url=&#8221;https:\/\/sedilo.geonue.com&#8221; url_new_window=&#8221;on&#8221; use_icon=&#8221;on&#8221; font_icon=&#8221;%%165%%&#8221; icon_placement=&#8221;left&#8221; admin_label=&#8221;Blur&#8221; _builder_version=&#8221;3.0.89&#8243;]T\u00e9l\u00e9chargez les donn\u00e9es et d\u00e9couvrir d&#8217;autres \u00e0 travers le g\u00e9oportail de la ville de Sedilo<br \/>\n[\/et_pb_blurb][\/et_pb_column][et_pb_column type=&#8221;3_4&#8243; _builder_version=&#8221;3.0.47&#8243; parallax=&#8221;off&#8221; parallax_method=&#8221;on&#8221;][et_pb_code admin_label=&#8221;Codice&#8221; _builder_version=&#8221;3.0.89&#8243;]&lt;iframe width=&quot;100%&quot; height=&quot;600&quot; frameBorder=&quot;0&quot; src=&quot;https:\/\/umap.geonue.com\/it\/map\/sardia_524?scaleControl=false&amp;miniMap=false&amp;scrollWheelZoom=false&amp;zoomControl=true&amp;allowEdit=false&amp;moreControl=true&amp;datalayersControl=true&amp;onLoadPanel=undefined&amp;captionBar=false&quot;&gt;&lt;\/iframe&gt;[\/et_pb_code][\/et_pb_column][\/et_pb_row][\/et_pb_section][et_pb_section fb_built=&#8221;1&#8243; inner_shadow=&#8221;on&#8221; admin_label=&#8221;Sezione&#8221; _builder_version=&#8221;3.0.51&#8243;][et_pb_row make_fullwidth=&#8221;on&#8221; admin_label=&#8221;Riga&#8221; _builder_version=&#8221;3.0.51&#8243; background_size=&#8221;initial&#8221; background_position=&#8221;top_left&#8221; background_repeat=&#8221;repeat&#8221;][et_pb_column type=&#8221;1_3&#8243; _builder_version=&#8221;3.0.47&#8243; parallax=&#8221;off&#8221; parallax_method=&#8221;on&#8221;][et_pb_text admin_label=&#8221;Testo&#8221; _builder_version=&#8221;3.0.51&#8243;]<\/p>\n<h2>Ardia environ 1950<\/h2>\n<p>[\/et_pb_text][et_pb_video src=&#8221;http:\/\/www.regione.sardegna.it\/media\/video\/h264\/sedilo_san_costantino_esit_h264.mp4&#8243; image_src=&#8221;http:\/\/www.santuantinu.org\/wp-content\/uploads\/2017\/06\/Schermata-2017-06-21-alle-17.46.07.png&#8221; admin_label=&#8221;Video&#8221; _builder_version=&#8221;3.0.51&#8243;][\/et_pb_video][\/et_pb_column][et_pb_column type=&#8221;1_3&#8243; _builder_version=&#8221;3.0.47&#8243; parallax=&#8221;off&#8221; parallax_method=&#8221;on&#8221;][et_pb_text admin_label=&#8221;Testo&#8221; _builder_version=&#8221;3.0.51&#8243;]<\/p>\n<h2>Ardia 1994<\/h2>\n<p>[\/et_pb_text][et_pb_video src=&#8221;http:\/\/www.regione.sardegna.it\/media\/video\/h264\/s_ardia_cabiddu_h264.mp4&#8243; image_src=&#8221;http:\/\/www.santuantinu.org\/wp-content\/uploads\/2017\/06\/Schermata-2017-06-21-alle-17.45.57.png&#8221; admin_label=&#8221;Video&#8221; _builder_version=&#8221;3.0.51&#8243;][\/et_pb_video][\/et_pb_column][et_pb_column type=&#8221;1_3&#8243; _builder_version=&#8221;3.0.47&#8243; parallax=&#8221;off&#8221; parallax_method=&#8221;on&#8221;][et_pb_text admin_label=&#8221;Testo&#8221; _builder_version=&#8221;3.0.51&#8243;]<\/p>\n<h2>Ardia 2012<\/h2>\n<p>[\/et_pb_text][et_pb_video src=&#8221;http:\/\/www.regione.sardegna.it\/media\/video\/h264\/ardia_2012_h264.mp4&#8243; image_src=&#8221;http:\/\/www.santuantinu.org\/wp-content\/uploads\/2017\/06\/Schermata-2017-06-21-alle-17.45.44.png&#8221; admin_label=&#8221;Video&#8221; _builder_version=&#8221;3.0.51&#8243;][\/et_pb_video][\/et_pb_column][\/et_pb_row][\/et_pb_section]<\/p>\n","protected":false},"excerpt":{"rendered":"<p>L\u2019Ardia est une course effr\u00e9n\u00e9e \u00e0 cheval en l\u2019honneur de Saint Constantin, qui se d\u00e9roule toutes les ann\u00e9es \u00e0 Sedilo, le soir du 6 juillet et se r\u00e9p\u00e8te le matin du 7 juillet. Souligne\u00a0le chemin\u00a0des\u00a0chevaliers,\u00a0les\u00a0zones d&#8217;acc\u00e8s restreint\u00a0au public,\u00a0les principes de s\u00e9curit\u00e9\u00a0et\u00a0les\u00a0services mis en place\u00a0\u00e0 l&#8217;occasion\u00a0des c\u00e9l\u00e9brations\u00a0deSaint Constantin. Version optimis\u00e9e pour les tablettes et les t\u00e9l\u00e9phones [&hellip;]<\/p>\n","protected":false},"author":2,"featured_media":0,"parent":0,"menu_order":10,"comment_status":"closed","ping_status":"closed","template":"","meta":{"_et_pb_use_builder":"on","_et_pb_old_content":"","_et_gb_content_width":"","footnotes":""},"class_list":["post-361","page","type-page","status-publish","hentry"],"yoast_head":"<!-- This site is optimized with the Yoast SEO plugin v28.2 - https:\/\/yoast.com\/product\/yoast-seo-wordpress\/ -->\n<title>S&#039;Ardia - Associazione Santu Antinu<\/title>\n<meta name=\"robots\" content=\"index, follow, max-snippet:-1, max-image-preview:large, max-video-preview:-1\" \/>\n<link rel=\"canonical\" href=\"https:\/\/www.santuantinu.org\/fr\/sardia\/\" \/>\n<meta property=\"og:locale\" content=\"fr_FR\" \/>\n<meta property=\"og:type\" content=\"article\" \/>\n<meta property=\"og:title\" content=\"S&#039;Ardia - Associazione Santu Antinu\" \/>\n<meta property=\"og:description\" content=\"L\u2019Ardia est une course effr\u00e9n\u00e9e \u00e0 cheval en l\u2019honneur de Saint Constantin, qui se d\u00e9roule toutes les ann\u00e9es \u00e0 Sedilo, le soir du 6 juillet et se r\u00e9p\u00e8te le matin du 7 juillet. Souligne\u00a0le chemin\u00a0des\u00a0chevaliers,\u00a0les\u00a0zones d&#039;acc\u00e8s restreint\u00a0au public,\u00a0les principes de s\u00e9curit\u00e9\u00a0et\u00a0les\u00a0services mis en place\u00a0\u00e0 l&#039;occasion\u00a0des c\u00e9l\u00e9brations\u00a0deSaint Constantin. Version optimis\u00e9e pour les tablettes et les t\u00e9l\u00e9phones [&hellip;]\" \/>\n<meta property=\"og:url\" content=\"https:\/\/www.santuantinu.org\/fr\/sardia\/\" \/>\n<meta property=\"og:site_name\" content=\"Associazione Santu Antinu\" \/>\n<meta property=\"article:modified_time\" content=\"2018-04-26T09:44:33+00:00\" \/>\n<meta name=\"twitter:card\" content=\"summary_large_image\" \/>\n<meta name=\"twitter:label1\" content=\"Est. reading time\" \/>\n\t<meta name=\"twitter:data1\" content=\"5 minutes\" \/>\n<script type=\"application\/ld+json\" class=\"yoast-schema-graph\">{\"@context\":\"https:\\\/\\\/schema.org\",\"@graph\":[{\"@type\":\"WebPage\",\"@id\":\"https:\\\/\\\/www.santuantinu.org\\\/fr\\\/sardia\\\/\",\"url\":\"https:\\\/\\\/www.santuantinu.org\\\/fr\\\/sardia\\\/\",\"name\":\"S'Ardia - Associazione Santu Antinu\",\"isPartOf\":{\"@id\":\"https:\\\/\\\/www.santuantinu.org\\\/#website\"},\"datePublished\":\"2017-06-29T18:19:13+00:00\",\"dateModified\":\"2018-04-26T09:44:33+00:00\",\"breadcrumb\":{\"@id\":\"https:\\\/\\\/www.santuantinu.org\\\/fr\\\/sardia\\\/#breadcrumb\"},\"inLanguage\":\"fr-FR\",\"potentialAction\":[{\"@type\":\"ReadAction\",\"target\":[\"https:\\\/\\\/www.santuantinu.org\\\/fr\\\/sardia\\\/\"]}]},{\"@type\":\"BreadcrumbList\",\"@id\":\"https:\\\/\\\/www.santuantinu.org\\\/fr\\\/sardia\\\/#breadcrumb\",\"itemListElement\":[{\"@type\":\"ListItem\",\"position\":1,\"name\":\"Home\",\"item\":\"https:\\\/\\\/www.santuantinu.org\\\/fr\\\/\"},{\"@type\":\"ListItem\",\"position\":2,\"name\":\"S&#8217;Ardia\"}]},{\"@type\":\"WebSite\",\"@id\":\"https:\\\/\\\/www.santuantinu.org\\\/#website\",\"url\":\"https:\\\/\\\/www.santuantinu.org\\\/\",\"name\":\"Associazione Santu Antinu\",\"description\":\"s&#039;Ardia\",\"potentialAction\":[{\"@type\":\"SearchAction\",\"target\":{\"@type\":\"EntryPoint\",\"urlTemplate\":\"https:\\\/\\\/www.santuantinu.org\\\/?s={search_term_string}\"},\"query-input\":{\"@type\":\"PropertyValueSpecification\",\"valueRequired\":true,\"valueName\":\"search_term_string\"}}],\"inLanguage\":\"fr-FR\"}]}<\/script>\n<!-- \/ Yoast SEO plugin. -->","yoast_head_json":{"title":"S'Ardia - Associazione Santu Antinu","robots":{"index":"index","follow":"follow","max-snippet":"max-snippet:-1","max-image-preview":"max-image-preview:large","max-video-preview":"max-video-preview:-1"},"canonical":"https:\/\/www.santuantinu.org\/fr\/sardia\/","og_locale":"fr_FR","og_type":"article","og_title":"S'Ardia - Associazione Santu Antinu","og_description":"L\u2019Ardia est une course effr\u00e9n\u00e9e \u00e0 cheval en l\u2019honneur de Saint Constantin, qui se d\u00e9roule toutes les ann\u00e9es \u00e0 Sedilo, le soir du 6 juillet et se r\u00e9p\u00e8te le matin du 7 juillet. Souligne\u00a0le chemin\u00a0des\u00a0chevaliers,\u00a0les\u00a0zones d'acc\u00e8s restreint\u00a0au public,\u00a0les principes de s\u00e9curit\u00e9\u00a0et\u00a0les\u00a0services mis en place\u00a0\u00e0 l'occasion\u00a0des c\u00e9l\u00e9brations\u00a0deSaint Constantin. Version optimis\u00e9e pour les tablettes et les t\u00e9l\u00e9phones [&hellip;]","og_url":"https:\/\/www.santuantinu.org\/fr\/sardia\/","og_site_name":"Associazione Santu Antinu","article_modified_time":"2018-04-26T09:44:33+00:00","twitter_card":"summary_large_image","twitter_misc":{"Est. reading time":"5 minutes"},"schema":{"@context":"https:\/\/schema.org","@graph":[{"@type":"WebPage","@id":"https:\/\/www.santuantinu.org\/fr\/sardia\/","url":"https:\/\/www.santuantinu.org\/fr\/sardia\/","name":"S'Ardia - Associazione Santu Antinu","isPartOf":{"@id":"https:\/\/www.santuantinu.org\/#website"},"datePublished":"2017-06-29T18:19:13+00:00","dateModified":"2018-04-26T09:44:33+00:00","breadcrumb":{"@id":"https:\/\/www.santuantinu.org\/fr\/sardia\/#breadcrumb"},"inLanguage":"fr-FR","potentialAction":[{"@type":"ReadAction","target":["https:\/\/www.santuantinu.org\/fr\/sardia\/"]}]},{"@type":"BreadcrumbList","@id":"https:\/\/www.santuantinu.org\/fr\/sardia\/#breadcrumb","itemListElement":[{"@type":"ListItem","position":1,"name":"Home","item":"https:\/\/www.santuantinu.org\/fr\/"},{"@type":"ListItem","position":2,"name":"S&#8217;Ardia"}]},{"@type":"WebSite","@id":"https:\/\/www.santuantinu.org\/#website","url":"https:\/\/www.santuantinu.org\/","name":"Associazione Santu Antinu","description":"s&#039;Ardia","potentialAction":[{"@type":"SearchAction","target":{"@type":"EntryPoint","urlTemplate":"https:\/\/www.santuantinu.org\/?s={search_term_string}"},"query-input":{"@type":"PropertyValueSpecification","valueRequired":true,"valueName":"search_term_string"}}],"inLanguage":"fr-FR"}]}},"_links":{"self":[{"href":"https:\/\/www.santuantinu.org\/fr\/wp-json\/wp\/v2\/pages\/361","targetHints":{"allow":["GET"]}}],"collection":[{"href":"https:\/\/www.santuantinu.org\/fr\/wp-json\/wp\/v2\/pages"}],"about":[{"href":"https:\/\/www.santuantinu.org\/fr\/wp-json\/wp\/v2\/types\/page"}],"author":[{"embeddable":true,"href":"https:\/\/www.santuantinu.org\/fr\/wp-json\/wp\/v2\/users\/2"}],"replies":[{"embeddable":true,"href":"https:\/\/www.santuantinu.org\/fr\/wp-json\/wp\/v2\/comments?post=361"}],"version-history":[{"count":7,"href":"https:\/\/www.santuantinu.org\/fr\/wp-json\/wp\/v2\/pages\/361\/revisions"}],"predecessor-version":[{"id":482,"href":"https:\/\/www.santuantinu.org\/fr\/wp-json\/wp\/v2\/pages\/361\/revisions\/482"}],"wp:attachment":[{"href":"https:\/\/www.santuantinu.org\/fr\/wp-json\/wp\/v2\/media?parent=361"}],"curies":[{"name":"wp","href":"https:\/\/api.w.org\/{rel}","templated":true}]}}