							
{"id":365,"date":"2017-06-29T20:22:07","date_gmt":"2017-06-29T18:22:07","guid":{"rendered":"http:\/\/www.santuantinu.org\/?page_id=365\/"},"modified":"2017-06-30T08:16:07","modified_gmt":"2017-06-30T06:16:07","slug":"la-legende","status":"publish","type":"page","link":"https:\/\/www.santuantinu.org\/fr\/sardia\/la-legende\/","title":{"rendered":"La l\u00e9gende"},"content":{"rendered":"<p>[et_pb_section fb_built=&#8221;1&#8243; admin_label=&#8221;section&#8221; _builder_version=&#8221;3.0.47&#8243;][et_pb_row admin_label=&#8221;Riga&#8221; _builder_version=&#8221;3.0.47&#8243; background_size=&#8221;initial&#8221; background_position=&#8221;top_left&#8221; background_repeat=&#8221;repeat&#8221;][et_pb_column type=&#8221;1_3&#8243; _builder_version=&#8221;3.0.47&#8243; parallax=&#8221;off&#8221; parallax_method=&#8221;on&#8221;][et_pb_blurb title=&#8221;La l\u00e9gende&#8221; image=&#8221;http:\/\/www.santuantinu.org\/wp-content\/uploads\/2017\/06\/8ac4e8c60b1153bc15ff6050437e1642_orig.jpg&#8221; admin_label=&#8221;Blur&#8221; _builder_version=&#8221;3.0.51&#8243; header_font_size=&#8221;27px&#8221; header_line_height=&#8221;1.6em&#8221; body_font_size=&#8221;16px&#8221; body_line_height=&#8221;1.8em&#8221;]<\/p>\n<p><strong>L&#8217;origine de l&#8217;Ardia se perd dans la nuit des temps et, avec elle, la v\u00e9rit\u00e9 sur son d\u00e9but.\u00a0Beaucoup de l\u00e9gendes se superposent \u00e0 sa m\u00e9moire, histoires qui se transmettent de g\u00e9n\u00e9ration en g\u00e9n\u00e9ration en maintenant intacte la foi, la d\u00e9votion et la reconnaissance pour le saint guerrier.<\/strong><\/p>\n<p>[\/et_pb_blurb][\/et_pb_column][et_pb_column type=&#8221;2_3&#8243; _builder_version=&#8221;3.0.47&#8243; parallax=&#8221;off&#8221; parallax_method=&#8221;on&#8221;][et_pb_text admin_label=&#8221;Testo&#8221; _builder_version=&#8221;3.0.51&#8243; text_font_size=&#8221;16&#8243; text_line_height=&#8221;1.8em&#8221;]<\/p>\n<p>Ce document qui est probablement la v\u00e9ritable histoire de la f\u00eate a \u00e9t\u00e9 transmis \u00e0 Scano Montiferro, il rappelle \u00e0 la m\u00e9moire des sedilesi l&#8217;histoire de leur village. C\u2019est \u00e0 partir de 1806 (ann\u00e9e de la dispute) que la f\u00eate en l\u2019honneur de Saint Constantin devint pour tous, la f\u00eate des sedilesi.<\/p>\n<p>Le texte qui suit a \u00e9t\u00e9 tir\u00e9 du document original, qui encore aujourd&#8217;hui, est conserv\u00e9 par une famille scanese. Il semble que c\u2019est \u00e0 Scano Montiferro que soient encore conserv\u00e9s le drapeau, la bague et le porte-monnaie cit\u00e9s dans le document.<\/p>\n<p>On raconte qu&#8217;un riche propri\u00e9taire de Scano Montiferro, Giommaria Ledda esclave des maures, eut une apparition : un jeune homme respectueux, habill\u00e9 en guerrier romain (Saint Constantin), lui ordonna d\u2019\u00e9difier une \u00e9glise au col &#8220;Mont Isei&#8221;. Il lui promit en \u00e9change de lui rendre sa libert\u00e9. L\u2019 esclave lui dit en pleurant ne pas pouvoir faire ce qui lui \u00e9tait demand\u00e9, du fait qu&#8217;il n&#8217;avait pas un sou en poche. Le Saint disparut. Le lendemain l&#8217;esclave fut lib\u00e9r\u00e9.<\/p>\n<p>Plus tard, il se rendit \u00e0 Ghilarza pour vendre quelques t\u00eates de b\u00e9tail. Pendant le voyage, il rencontra un jeune homme qui lui rappela l&#8217;engagement pris, mais, Giommaria Ledda lui rappela qu\u2019il n\u2019avait pas d\u2019argent. Alors le jeune homme lui offrit une sacoche contenant 20 pi\u00e8ces d&#8217;or.<\/p>\n<p>Il arriva ainsi jusqu&#8217;\u00e0 Sedilo,o\u00f9 l\u2019\u00e9glise sera construite. Un vieil homme presque centenaire lui dit savoir o\u00f9 \u00e9tait le &#8220;Mont Isei&#8221;, (le futur emplacement de l&#8217;\u00e9glise). Parce qu\u2019il se souvenu qu\u2019\u00e9tant enfant, apr\u00e8s avoir fait une b\u00eatise, il avait \u00e9t\u00e9 battu par son p\u00e8re qui lui dit: d\u00e8s aujourd&#8217;hui tu te rappelleras du &#8220;Mont Isei.&#8221;<\/p>\n<p>Don Giommaria Ledda se rendit \u00e0 l&#8217;endroit indiqu\u00e9 et, avec l\u2019argent re\u00e7u, commen\u00e7a les travaux.<br \/>\nQuand, il n\u2019eut plus d\u2019argent, compl\u00e8tement d\u00e9sesp\u00e9r\u00e9 ne sachant pas o\u00f9 trouver d\u2019autres fonds, il revint \u00e0 Scano. L\u00e0, miraculeusement, le porte-monnaie \u00e9tait \u00e0 nouveau rempli.<br \/>\nIl put ainsi retourner \u00e0 Sedilo et poursuivre les travaux. Le porte-monnaie s\u2019est r\u00e9guli\u00e8rement rempli jusqu\u2019\u00e0 la fin des travaux.<\/p>\n<p>Giommaria Ledda acheta aussi un simulacre de Saint Constantin et \u00e0 c\u00f4t\u00e9 de l&#8217;\u00c9glise, il construisit une maison, afin de loger les scanesi qui se rendraient sur place pour prier.<\/p>\n<p>La date de la f\u00eate fut fix\u00e9e au 7 juillet, jour o\u00f9 le Saint lui apparut et o\u00f9 Giommaria Ledda fut lib\u00e9r\u00e9 des Maures.<br \/>\nTant qu&#8217;il v\u00e9cut, Giommaria Ledda dirigea l&#8217;\u00e9glise et chaque ann\u00e9e, en compagnie du clerg\u00e9 scanese et de la confr\u00e9rie de Sainte Croix, il porta un drapeau sur lequel il avait fait coudre au centre la bague scell\u00e9e qui lui fut donn\u00e9e par le saint.<\/p>\n<p>La f\u00eate \u00e9tait organis\u00e9e tout d&#8217;abord, une ann\u00e9e par les scanesi et la suivante par les sedilesi, le 6 juillet 1806, ann\u00e9e appel\u00e9e &#8220;s&#8217;annu de sa briga&#8221; (ann\u00e9e de la dispute). Le pr\u00eatre de Sedilo, Monsieur Pietro Paolo Massidda, interdit aux scanesi de participer \u00e0 l&#8217;organisation de l&#8217;Ardia de Saint Constantin.<\/p>\n<p>Alors une dispute \u00e9clata entre sedilesi et scanesi et ces derniers durent se retirer.<\/p>\n<p>[\/et_pb_text][\/et_pb_column][\/et_pb_row][\/et_pb_section]<\/p>\n","protected":false},"excerpt":{"rendered":"<p>L&#8217;origine de l&#8217;Ardia se perd dans la nuit des temps et, avec elle, la v\u00e9rit\u00e9 sur son d\u00e9but.\u00a0Beaucoup de l\u00e9gendes se superposent \u00e0 sa m\u00e9moire, histoires qui se transmettent de g\u00e9n\u00e9ration en g\u00e9n\u00e9ration en maintenant intacte la foi, la d\u00e9votion et la reconnaissance pour le saint guerrier. Ce document qui est probablement la v\u00e9ritable histoire [&hellip;]<\/p>\n","protected":false},"author":2,"featured_media":0,"parent":361,"menu_order":0,"comment_status":"closed","ping_status":"closed","template":"","meta":{"_et_pb_use_builder":"on","_et_pb_old_content":"","_et_gb_content_width":"","footnotes":""},"class_list":["post-365","page","type-page","status-publish","hentry"],"yoast_head":"<!-- This site is optimized with the Yoast SEO plugin v26.6 - https:\/\/yoast.com\/wordpress\/plugins\/seo\/ -->\n<title>La l\u00e9gende - Associazione Santu Antinu<\/title>\n<meta name=\"robots\" content=\"index, follow, max-snippet:-1, max-image-preview:large, max-video-preview:-1\" \/>\n<link rel=\"canonical\" href=\"https:\/\/www.santuantinu.org\/fr\/sardia\/la-legende\/\" \/>\n<meta property=\"og:locale\" content=\"fr_FR\" \/>\n<meta property=\"og:type\" content=\"article\" \/>\n<meta property=\"og:title\" content=\"La l\u00e9gende - Associazione Santu Antinu\" \/>\n<meta property=\"og:description\" content=\"L&#039;origine de l&#039;Ardia se perd dans la nuit des temps et, avec elle, la v\u00e9rit\u00e9 sur son d\u00e9but.\u00a0Beaucoup de l\u00e9gendes se superposent \u00e0 sa m\u00e9moire, histoires qui se transmettent de g\u00e9n\u00e9ration en g\u00e9n\u00e9ration en maintenant intacte la foi, la d\u00e9votion et la reconnaissance pour le saint guerrier. Ce document qui est probablement la v\u00e9ritable histoire [&hellip;]\" \/>\n<meta property=\"og:url\" content=\"https:\/\/www.santuantinu.org\/fr\/sardia\/la-legende\/\" \/>\n<meta property=\"og:site_name\" content=\"Associazione Santu Antinu\" \/>\n<meta property=\"article:modified_time\" content=\"2017-06-30T06:16:07+00:00\" \/>\n<meta name=\"twitter:card\" content=\"summary_large_image\" \/>\n<meta name=\"twitter:label1\" content=\"Est. reading time\" \/>\n\t<meta name=\"twitter:data1\" content=\"4 minutes\" \/>\n<script type=\"application\/ld+json\" class=\"yoast-schema-graph\">{\"@context\":\"https:\/\/schema.org\",\"@graph\":[{\"@type\":\"WebPage\",\"@id\":\"https:\/\/www.santuantinu.org\/fr\/sardia\/la-legende\/\",\"url\":\"https:\/\/www.santuantinu.org\/fr\/sardia\/la-legende\/\",\"name\":\"La l\u00e9gende - Associazione Santu Antinu\",\"isPartOf\":{\"@id\":\"https:\/\/www.santuantinu.org\/#website\"},\"datePublished\":\"2017-06-29T18:22:07+00:00\",\"dateModified\":\"2017-06-30T06:16:07+00:00\",\"breadcrumb\":{\"@id\":\"https:\/\/www.santuantinu.org\/fr\/sardia\/la-legende\/#breadcrumb\"},\"inLanguage\":\"fr-FR\",\"potentialAction\":[{\"@type\":\"ReadAction\",\"target\":[\"https:\/\/www.santuantinu.org\/fr\/sardia\/la-legende\/\"]}]},{\"@type\":\"BreadcrumbList\",\"@id\":\"https:\/\/www.santuantinu.org\/fr\/sardia\/la-legende\/#breadcrumb\",\"itemListElement\":[{\"@type\":\"ListItem\",\"position\":1,\"name\":\"Home\",\"item\":\"https:\/\/www.santuantinu.org\/fr\/\"},{\"@type\":\"ListItem\",\"position\":2,\"name\":\"S&#8217;Ardia\",\"item\":\"https:\/\/www.santuantinu.org\/fr\/sardia\/\"},{\"@type\":\"ListItem\",\"position\":3,\"name\":\"La l\u00e9gende\"}]},{\"@type\":\"WebSite\",\"@id\":\"https:\/\/www.santuantinu.org\/#website\",\"url\":\"https:\/\/www.santuantinu.org\/\",\"name\":\"Associazione Santu Antinu\",\"description\":\"s&#039;Ardia\",\"potentialAction\":[{\"@type\":\"SearchAction\",\"target\":{\"@type\":\"EntryPoint\",\"urlTemplate\":\"https:\/\/www.santuantinu.org\/?s={search_term_string}\"},\"query-input\":{\"@type\":\"PropertyValueSpecification\",\"valueRequired\":true,\"valueName\":\"search_term_string\"}}],\"inLanguage\":\"fr-FR\"}]}<\/script>\n<!-- \/ Yoast SEO plugin. -->","yoast_head_json":{"title":"La l\u00e9gende - Associazione Santu Antinu","robots":{"index":"index","follow":"follow","max-snippet":"max-snippet:-1","max-image-preview":"max-image-preview:large","max-video-preview":"max-video-preview:-1"},"canonical":"https:\/\/www.santuantinu.org\/fr\/sardia\/la-legende\/","og_locale":"fr_FR","og_type":"article","og_title":"La l\u00e9gende - Associazione Santu Antinu","og_description":"L'origine de l'Ardia se perd dans la nuit des temps et, avec elle, la v\u00e9rit\u00e9 sur son d\u00e9but.\u00a0Beaucoup de l\u00e9gendes se superposent \u00e0 sa m\u00e9moire, histoires qui se transmettent de g\u00e9n\u00e9ration en g\u00e9n\u00e9ration en maintenant intacte la foi, la d\u00e9votion et la reconnaissance pour le saint guerrier. Ce document qui est probablement la v\u00e9ritable histoire [&hellip;]","og_url":"https:\/\/www.santuantinu.org\/fr\/sardia\/la-legende\/","og_site_name":"Associazione Santu Antinu","article_modified_time":"2017-06-30T06:16:07+00:00","twitter_card":"summary_large_image","twitter_misc":{"Est. reading time":"4 minutes"},"schema":{"@context":"https:\/\/schema.org","@graph":[{"@type":"WebPage","@id":"https:\/\/www.santuantinu.org\/fr\/sardia\/la-legende\/","url":"https:\/\/www.santuantinu.org\/fr\/sardia\/la-legende\/","name":"La l\u00e9gende - Associazione Santu Antinu","isPartOf":{"@id":"https:\/\/www.santuantinu.org\/#website"},"datePublished":"2017-06-29T18:22:07+00:00","dateModified":"2017-06-30T06:16:07+00:00","breadcrumb":{"@id":"https:\/\/www.santuantinu.org\/fr\/sardia\/la-legende\/#breadcrumb"},"inLanguage":"fr-FR","potentialAction":[{"@type":"ReadAction","target":["https:\/\/www.santuantinu.org\/fr\/sardia\/la-legende\/"]}]},{"@type":"BreadcrumbList","@id":"https:\/\/www.santuantinu.org\/fr\/sardia\/la-legende\/#breadcrumb","itemListElement":[{"@type":"ListItem","position":1,"name":"Home","item":"https:\/\/www.santuantinu.org\/fr\/"},{"@type":"ListItem","position":2,"name":"S&#8217;Ardia","item":"https:\/\/www.santuantinu.org\/fr\/sardia\/"},{"@type":"ListItem","position":3,"name":"La l\u00e9gende"}]},{"@type":"WebSite","@id":"https:\/\/www.santuantinu.org\/#website","url":"https:\/\/www.santuantinu.org\/","name":"Associazione Santu Antinu","description":"s&#039;Ardia","potentialAction":[{"@type":"SearchAction","target":{"@type":"EntryPoint","urlTemplate":"https:\/\/www.santuantinu.org\/?s={search_term_string}"},"query-input":{"@type":"PropertyValueSpecification","valueRequired":true,"valueName":"search_term_string"}}],"inLanguage":"fr-FR"}]}},"_links":{"self":[{"href":"https:\/\/www.santuantinu.org\/fr\/wp-json\/wp\/v2\/pages\/365","targetHints":{"allow":["GET"]}}],"collection":[{"href":"https:\/\/www.santuantinu.org\/fr\/wp-json\/wp\/v2\/pages"}],"about":[{"href":"https:\/\/www.santuantinu.org\/fr\/wp-json\/wp\/v2\/types\/page"}],"author":[{"embeddable":true,"href":"https:\/\/www.santuantinu.org\/fr\/wp-json\/wp\/v2\/users\/2"}],"replies":[{"embeddable":true,"href":"https:\/\/www.santuantinu.org\/fr\/wp-json\/wp\/v2\/comments?post=365"}],"version-history":[{"count":3,"href":"https:\/\/www.santuantinu.org\/fr\/wp-json\/wp\/v2\/pages\/365\/revisions"}],"predecessor-version":[{"id":394,"href":"https:\/\/www.santuantinu.org\/fr\/wp-json\/wp\/v2\/pages\/365\/revisions\/394"}],"up":[{"embeddable":true,"href":"https:\/\/www.santuantinu.org\/fr\/wp-json\/wp\/v2\/pages\/361"}],"wp:attachment":[{"href":"https:\/\/www.santuantinu.org\/fr\/wp-json\/wp\/v2\/media?parent=365"}],"curies":[{"name":"wp","href":"https:\/\/api.w.org\/{rel}","templated":true}]}}