							
{"id":371,"date":"2017-06-29T20:29:07","date_gmt":"2017-06-29T18:29:07","guid":{"rendered":"http:\/\/www.santuantinu.org\/?page_id=371\/"},"modified":"2017-06-30T08:15:00","modified_gmt":"2017-06-30T06:15:00","slug":"la-tradition","status":"publish","type":"page","link":"https:\/\/www.santuantinu.org\/fr\/sardia\/la-tradition\/","title":{"rendered":"La tradition"},"content":{"rendered":"<p>[et_pb_section fb_built=&#8221;1&#8243; admin_label=&#8221;section&#8221; _builder_version=&#8221;3.0.47&#8243;][et_pb_row admin_label=&#8221;Riga&#8221; _builder_version=&#8221;3.0.47&#8243; background_size=&#8221;initial&#8221; background_position=&#8221;top_left&#8221; background_repeat=&#8221;repeat&#8221;][et_pb_column type=&#8221;1_3&#8243; _builder_version=&#8221;3.0.47&#8243; parallax=&#8221;off&#8221; parallax_method=&#8221;on&#8221;][et_pb_blurb title=&#8221;La tradition&#8221; image=&#8221;http:\/\/www.santuantinu.org\/wp-content\/uploads\/2017\/06\/ARDIA-SEDILO_BASSA_dad_MAURONSTER-23.jpg&#8221; admin_label=&#8221;Blur&#8221; _builder_version=&#8221;3.0.51&#8243; header_font_size=&#8221;27px&#8221; header_line_height=&#8221;1.6em&#8221; body_font_size=&#8221;16px&#8221; body_line_height=&#8221;1.8em&#8221;]<\/p>\n<p><strong>L\u2019Ardia est une course effr\u00e9n\u00e9e \u00e0 cheval en l\u2019honneur de Saint Constantin, qui se d\u00e9roule toutes les ann\u00e9es \u00e0 Sedilo, le soir du 6 juillet et se r\u00e9p\u00e8te le matin du 7 juillet.<\/strong><\/p>\n<p>[\/et_pb_blurb][\/et_pb_column][et_pb_column type=&#8221;2_3&#8243; _builder_version=&#8221;3.0.47&#8243; parallax=&#8221;off&#8221; parallax_method=&#8221;on&#8221;][et_pb_text admin_label=&#8221;Testo&#8221; _builder_version=&#8221;3.0.51&#8243; text_font_size=&#8221;16&#8243; text_line_height=&#8221;1.8em&#8221;]<\/p>\n<p>Elle est guid\u00e9e par un cavalier, \u00ab il capocorsa, sa prima pandela \u00bb, suivi par deux autres cavaliers, et de trois escortes qui repr\u00e9sentent Constantin et son arm\u00e9e.<\/p>\n<p>Environ 100 cavaliers y participent, ils repr\u00e9sentent les pa\u00efens guid\u00e9s par Maxence.<\/p>\n<p>Tout commence avec l&#8217;inscription dans un registre sp\u00e9cial dont le contenu est seulement connu du cur\u00e9 du village, des gar\u00e7ons qui veulent faire le capocorsa (cavalier \u00e0 la t\u00eate de la course).<\/p>\n<p>Les gar\u00e7ons s\u2019inscrivent tr\u00e8s jeune, soit par la passion des chevaux, soit suite \u00e0 une promesse faite \u00e0 Saint Constantino. Plusieurs ann\u00e9es peuvent s\u2019\u00e9couler avant qu\u2019ils soient choisis, par le cur\u00e9, en suivant l&#8217;ordre chronologique de l\u2019inscription.<\/p>\n<p>Le cur\u00e9 choisit le capocorsa, (la premi\u00e8re pandela), dans la p\u00e9riode de la f\u00eate de Saint Antoine, le 16 janvier, son nom reste secret.<br \/>\nLe capocorsa, choisit \u00e0 son tour deux autres personnes, (la deuxi\u00e8me et la troisi\u00e8me pandela), deux personnes estim\u00e9es et fiables qui l&#8217;accompagneront, (c\u2019est presque comme choisir les t\u00e9moins pour son mariage!).<br \/>\nChacun des trois pandele devra choisir une escorte, (un cavalier par pandela) qui auront le devoir ardu de tenir en respect les cavaliers pour qu\u2019au moment du d\u00e9part, ils ne d\u00e9passent pas les capicorsa.<\/p>\n<p>Les noms des pandele resteront secrets jusqu\u2019au 15 mai, jour de Saint Isidore, o\u00f9, pendant la Messe, le cur\u00e9 fera une annonce solennelle et les trois pandele feront leur premi\u00e8re sortie officielle pour la procession.<\/p>\n<p><strong>Le 29 juin<\/strong>, jour d\u00e9di\u00e9 aux Saints Pierre et Paul, les trois capicorsa r\u00e9p\u00e8tent officiellement le parcours de l\u2019Ardia avec leurs chevaux.<br \/>\nLe jour suivant, les autres cavaliers peuvent \u00e9galement essayer le parcours de l&#8217;Ardia.<\/p>\n<p><strong>Le dimanche qui pr\u00e9c\u00e9de la f\u00eate<\/strong>, est consacr\u00e9 \u00e0 la pr\u00e9paration des cartouches, balles \u00e0 blanc, qui seront utilis\u00e9es par les fusiliers de l&#8217;Ardia pendant la course. Les tirs auront le devoir d&#8217;avertir les fid\u00e8les qui se trouvent dans le sanctuaire de l&#8217;arriv\u00e9e de l&#8217;Ardia et de guider les chevaux pendant le parcours.<\/p>\n<p><strong>La f\u00eate commence le 5 juillet<\/strong>\u00a0par une Messe c\u00e9l\u00e9br\u00e9e l&#8217;apr\u00e8s-midi au sanctuaire.<\/p>\n<p><strong>Le matin du 6 juillet<\/strong>, les trois pandele et les cavaliers qui participeront \u00e0 la course et les centaines de fid\u00e8les participent \u00e0 la Messe solennelle.<br \/>\nLes pandele descendront au sanctuaire \u00e0 cheval en ayant pris soin de prendre des chevaux diff\u00e9rents qu\u2019ils utiliseront le soir pour l&#8217;Ardia, pour \u00e9viter ainsi que les animaux s\u2019agitent ou qu&#8217;ils ne se fassent mal.<br \/>\nPendant la Messe et de la b\u00e9n\u00e9diction solennelle, le pr\u00eatre, invoque le Saint pour qu&#8217;il prot\u00e8ge les cavaliers pendant la course.<\/p>\n<p><strong>Le soir de 6 juillet<\/strong>, tous les cavaliers se rendent \u00e0 la maison de la premi\u00e8re pandela pour se rendre ensuite tous ensemble \u00e0 la place de l\u2019\u00e9glise o\u00f9 les drapeaux seront remis et o\u00f9 aura lieu la b\u00e9n\u00e9diction. Ensuite la procession se dirige vers le sanctuaire, ouverte par la fanfare musicale et guid\u00e9e par le cur\u00e9 et le maire \u00e0 cheval. Ils seront escort\u00e9s par deux carabiniers en uniforme.<br \/>\nArriv\u00e9 au haut de la rue qui va \u00e0 l&#8217;\u00e9glise, &#8220;su fronte mannu&#8221;, le cur\u00e9 b\u00e9nit une seconde fois les cavaliers. Ces derniers continuent leur descente jusqu \u00e0 &#8220;su frontigheddu&#8221; o\u00f9 ils re\u00e7oivent une troisi\u00e8me b\u00e9n\u00e9diction. \u00c0 ce point, le cur\u00e9, le maire et les carabiniers se rendent \u00e0 l&#8217;\u00e9glise tandis que les chevaux attendent, fr\u00e9missants, le moment du d\u00e9part.<br \/>\nLes fusiliers tireront en blancs pour indiquer au capocorsa l&#8217;arriv\u00e9e du cur\u00e9 et du maire \u00e0 l&#8217;\u00e9glise et, ceci sera le signe qu\u2019il peut partir.<\/p>\n<p>D\u00e8s cet instant les yeux de tous sont fix\u00e9s sur la premi\u00e8re pandela qui, d\u2019un moment \u00e0 l&#8217;autre, peut d\u00e9cider de partir.<\/p>\n<p>Le moment du d\u00e9part est \u00e9mouvant soit pour celui qui court l&#8217;Ardia, soit pour celui qui la regarde, car commence alors une course effr\u00e9n\u00e9e qui laisse tout le monde avec le souffle coup\u00e9.<\/p>\n<p>La premi\u00e8re pandela d\u00e9cide de partir et, donne un signal aux deux autres. Le capocorsa encourage son cheval pour la descente raide. Puis il passe sous l&#8217;arc pour arriver \u00e0 l&#8217;\u00e9glise. Derri\u00e8re lui les 100 chevaux qui, entre la poussi\u00e8re et le bruit des sabots, essayeront de rester derri\u00e8re lui le plus pr\u00e8s possible.<br \/>\nArriv\u00e9 \u00e0 l&#8217;\u00e9glise, ils feront des tours au pas, d&#8217;habitude 5 ou 7 tours, de toute fa\u00e7on \u00e7a doit \u00eatre un num\u00e9ro impair, et \u00e0 chaque tour les trois pandelas s&#8217;arr\u00eateront devant l&#8217;\u00e9glise pour faire le signe de la croix, (symbole de Constantin l\u2019avait prot\u00e9g\u00e9 dans la lutte contre Maxence en le portant \u00e0 la victoire).<br \/>\nQuand la premi\u00e8re pandela le d\u00e9cide, les chevaux continuent leur course en bas de l&#8217;\u00e9glise vers &#8221; sa muredda &#8221; o\u00f9 des tours seront effectu\u00e9s dans le sens des aiguilles d&#8217;une montre, puis en sens inverse, pour revenir en haut de l&#8217;\u00e9glise en concluant ainsi l&#8217;Ardia.<\/p>\n<p>\u00c0 la fin les pandele participent \u00e0 la Messe de remerciement, puis reviennent au village annonc\u00e9s par les fusiliers o\u00f9 la foule les attendent presque comme des vainqueurs d&#8217;une bataille.<\/p>\n<p><strong>Le matin du 7 juillet<\/strong>\u00a0tout se r\u00e9p\u00e8te, dans une atmosph\u00e8re plus sereine et famili\u00e8re. Puis le soir, une procession a lieu en l\u2019honneur du Saint.<\/p>\n<p>Qui ne sait pas ou ne peut aller \u00e0 cheval, participera \u00e0 l&#8217;Ardia \u00e0 pied. Celle-ci a ses capicorsa et ses escortes, une de plus par rapport \u00e0 l\u2019Ardia a cheval.<\/p>\n<p>La course se d\u00e9roule de la m\u00eame mani\u00e8re que celle \u00e0 cheval mais ce sera une f\u00eate pour tous les gar\u00e7ons et les filles, enfants et fillettes, adultes et personnes \u00e2g\u00e9es qui osent se risquer dans la course. L&#8217;atmosph\u00e8re est plus sereine mais tout autant \u00e9mouvante, surtout pour celui qui guidera la course.<\/p>\n<p><strong>L&#8217;Ardia a pied a lieu deux dimanches apr\u00e8s celle \u00e0 cheval.<\/strong><\/p>\n<p>[\/et_pb_text][\/et_pb_column][\/et_pb_row][\/et_pb_section]<\/p>\n","protected":false},"excerpt":{"rendered":"<p>L\u2019Ardia est une course effr\u00e9n\u00e9e \u00e0 cheval en l\u2019honneur de Saint Constantin, qui se d\u00e9roule toutes les ann\u00e9es \u00e0 Sedilo, le soir du 6 juillet et se r\u00e9p\u00e8te le matin du 7 juillet. Elle est guid\u00e9e par un cavalier, \u00ab il capocorsa, sa prima pandela \u00bb, suivi par deux autres cavaliers, et de trois escortes [&hellip;]<\/p>\n","protected":false},"author":2,"featured_media":0,"parent":361,"menu_order":0,"comment_status":"closed","ping_status":"closed","template":"","meta":{"_et_pb_use_builder":"on","_et_pb_old_content":"","_et_gb_content_width":"","footnotes":""},"class_list":["post-371","page","type-page","status-publish","hentry"],"yoast_head":"<!-- This site is optimized with the Yoast SEO plugin v26.6 - https:\/\/yoast.com\/wordpress\/plugins\/seo\/ -->\n<title>La tradition - Associazione Santu Antinu<\/title>\n<meta name=\"robots\" content=\"index, follow, max-snippet:-1, max-image-preview:large, max-video-preview:-1\" \/>\n<link rel=\"canonical\" href=\"https:\/\/www.santuantinu.org\/fr\/sardia\/la-tradition\/\" \/>\n<meta property=\"og:locale\" content=\"fr_FR\" \/>\n<meta property=\"og:type\" content=\"article\" \/>\n<meta property=\"og:title\" content=\"La tradition - Associazione Santu Antinu\" \/>\n<meta property=\"og:description\" content=\"L\u2019Ardia est une course effr\u00e9n\u00e9e \u00e0 cheval en l\u2019honneur de Saint Constantin, qui se d\u00e9roule toutes les ann\u00e9es \u00e0 Sedilo, le soir du 6 juillet et se r\u00e9p\u00e8te le matin du 7 juillet. Elle est guid\u00e9e par un cavalier, \u00ab il capocorsa, sa prima pandela \u00bb, suivi par deux autres cavaliers, et de trois escortes [&hellip;]\" \/>\n<meta property=\"og:url\" content=\"https:\/\/www.santuantinu.org\/fr\/sardia\/la-tradition\/\" \/>\n<meta property=\"og:site_name\" content=\"Associazione Santu Antinu\" \/>\n<meta property=\"article:modified_time\" content=\"2017-06-30T06:15:00+00:00\" \/>\n<meta name=\"twitter:card\" content=\"summary_large_image\" \/>\n<meta name=\"twitter:label1\" content=\"Est. reading time\" \/>\n\t<meta name=\"twitter:data1\" content=\"6 minutes\" \/>\n<script type=\"application\/ld+json\" class=\"yoast-schema-graph\">{\"@context\":\"https:\/\/schema.org\",\"@graph\":[{\"@type\":\"WebPage\",\"@id\":\"https:\/\/www.santuantinu.org\/fr\/sardia\/la-tradition\/\",\"url\":\"https:\/\/www.santuantinu.org\/fr\/sardia\/la-tradition\/\",\"name\":\"La tradition - Associazione Santu Antinu\",\"isPartOf\":{\"@id\":\"https:\/\/www.santuantinu.org\/#website\"},\"datePublished\":\"2017-06-29T18:29:07+00:00\",\"dateModified\":\"2017-06-30T06:15:00+00:00\",\"breadcrumb\":{\"@id\":\"https:\/\/www.santuantinu.org\/fr\/sardia\/la-tradition\/#breadcrumb\"},\"inLanguage\":\"fr-FR\",\"potentialAction\":[{\"@type\":\"ReadAction\",\"target\":[\"https:\/\/www.santuantinu.org\/fr\/sardia\/la-tradition\/\"]}]},{\"@type\":\"BreadcrumbList\",\"@id\":\"https:\/\/www.santuantinu.org\/fr\/sardia\/la-tradition\/#breadcrumb\",\"itemListElement\":[{\"@type\":\"ListItem\",\"position\":1,\"name\":\"Home\",\"item\":\"https:\/\/www.santuantinu.org\/fr\/\"},{\"@type\":\"ListItem\",\"position\":2,\"name\":\"S&#8217;Ardia\",\"item\":\"https:\/\/www.santuantinu.org\/fr\/sardia\/\"},{\"@type\":\"ListItem\",\"position\":3,\"name\":\"La tradition\"}]},{\"@type\":\"WebSite\",\"@id\":\"https:\/\/www.santuantinu.org\/#website\",\"url\":\"https:\/\/www.santuantinu.org\/\",\"name\":\"Associazione Santu Antinu\",\"description\":\"s&#039;Ardia\",\"potentialAction\":[{\"@type\":\"SearchAction\",\"target\":{\"@type\":\"EntryPoint\",\"urlTemplate\":\"https:\/\/www.santuantinu.org\/?s={search_term_string}\"},\"query-input\":{\"@type\":\"PropertyValueSpecification\",\"valueRequired\":true,\"valueName\":\"search_term_string\"}}],\"inLanguage\":\"fr-FR\"}]}<\/script>\n<!-- \/ Yoast SEO plugin. -->","yoast_head_json":{"title":"La tradition - Associazione Santu Antinu","robots":{"index":"index","follow":"follow","max-snippet":"max-snippet:-1","max-image-preview":"max-image-preview:large","max-video-preview":"max-video-preview:-1"},"canonical":"https:\/\/www.santuantinu.org\/fr\/sardia\/la-tradition\/","og_locale":"fr_FR","og_type":"article","og_title":"La tradition - Associazione Santu Antinu","og_description":"L\u2019Ardia est une course effr\u00e9n\u00e9e \u00e0 cheval en l\u2019honneur de Saint Constantin, qui se d\u00e9roule toutes les ann\u00e9es \u00e0 Sedilo, le soir du 6 juillet et se r\u00e9p\u00e8te le matin du 7 juillet. Elle est guid\u00e9e par un cavalier, \u00ab il capocorsa, sa prima pandela \u00bb, suivi par deux autres cavaliers, et de trois escortes [&hellip;]","og_url":"https:\/\/www.santuantinu.org\/fr\/sardia\/la-tradition\/","og_site_name":"Associazione Santu Antinu","article_modified_time":"2017-06-30T06:15:00+00:00","twitter_card":"summary_large_image","twitter_misc":{"Est. reading time":"6 minutes"},"schema":{"@context":"https:\/\/schema.org","@graph":[{"@type":"WebPage","@id":"https:\/\/www.santuantinu.org\/fr\/sardia\/la-tradition\/","url":"https:\/\/www.santuantinu.org\/fr\/sardia\/la-tradition\/","name":"La tradition - Associazione Santu Antinu","isPartOf":{"@id":"https:\/\/www.santuantinu.org\/#website"},"datePublished":"2017-06-29T18:29:07+00:00","dateModified":"2017-06-30T06:15:00+00:00","breadcrumb":{"@id":"https:\/\/www.santuantinu.org\/fr\/sardia\/la-tradition\/#breadcrumb"},"inLanguage":"fr-FR","potentialAction":[{"@type":"ReadAction","target":["https:\/\/www.santuantinu.org\/fr\/sardia\/la-tradition\/"]}]},{"@type":"BreadcrumbList","@id":"https:\/\/www.santuantinu.org\/fr\/sardia\/la-tradition\/#breadcrumb","itemListElement":[{"@type":"ListItem","position":1,"name":"Home","item":"https:\/\/www.santuantinu.org\/fr\/"},{"@type":"ListItem","position":2,"name":"S&#8217;Ardia","item":"https:\/\/www.santuantinu.org\/fr\/sardia\/"},{"@type":"ListItem","position":3,"name":"La tradition"}]},{"@type":"WebSite","@id":"https:\/\/www.santuantinu.org\/#website","url":"https:\/\/www.santuantinu.org\/","name":"Associazione Santu Antinu","description":"s&#039;Ardia","potentialAction":[{"@type":"SearchAction","target":{"@type":"EntryPoint","urlTemplate":"https:\/\/www.santuantinu.org\/?s={search_term_string}"},"query-input":{"@type":"PropertyValueSpecification","valueRequired":true,"valueName":"search_term_string"}}],"inLanguage":"fr-FR"}]}},"_links":{"self":[{"href":"https:\/\/www.santuantinu.org\/fr\/wp-json\/wp\/v2\/pages\/371","targetHints":{"allow":["GET"]}}],"collection":[{"href":"https:\/\/www.santuantinu.org\/fr\/wp-json\/wp\/v2\/pages"}],"about":[{"href":"https:\/\/www.santuantinu.org\/fr\/wp-json\/wp\/v2\/types\/page"}],"author":[{"embeddable":true,"href":"https:\/\/www.santuantinu.org\/fr\/wp-json\/wp\/v2\/users\/2"}],"replies":[{"embeddable":true,"href":"https:\/\/www.santuantinu.org\/fr\/wp-json\/wp\/v2\/comments?post=371"}],"version-history":[{"count":4,"href":"https:\/\/www.santuantinu.org\/fr\/wp-json\/wp\/v2\/pages\/371\/revisions"}],"predecessor-version":[{"id":392,"href":"https:\/\/www.santuantinu.org\/fr\/wp-json\/wp\/v2\/pages\/371\/revisions\/392"}],"up":[{"embeddable":true,"href":"https:\/\/www.santuantinu.org\/fr\/wp-json\/wp\/v2\/pages\/361"}],"wp:attachment":[{"href":"https:\/\/www.santuantinu.org\/fr\/wp-json\/wp\/v2\/media?parent=371"}],"curies":[{"name":"wp","href":"https:\/\/api.w.org\/{rel}","templated":true}]}}